{"id":5001,"date":"2017-10-10T10:36:45","date_gmt":"2017-10-10T08:36:45","guid":{"rendered":"https:\/\/www.maria-woerth.info\/advent-maria-worth\/"},"modified":"2026-04-28T12:31:04","modified_gmt":"2026-04-28T10:31:04","slug":"avvento","status":"publish","type":"page","link":"https:\/\/www.maria-woerth.info\/it\/avvento\/","title":{"rendered":"Avvento a Maria W\u00f6rth"},"content":{"rendered":"<div class=\"wpb-content-wrapper\">[vc_row padding_top=&#8221;0px&#8221; padding_bottom=&#8221;0px&#8221;][vc_column fade_animation_offset=&#8221;45px&#8221;]<h2 class=\"untertitel-tour-h2\">Romantico avvento ecclesiastico per tutta la famiglia<\/h2>\n[\/vc_column][\/vc_row][vc_row padding_top=&#8221;0px&#8221; padding_bottom=&#8221;0px&#8221; bg_video=&#8221;&#8221; class=&#8221;&#8221; style=&#8221;z-index:9999&#8243;][vc_column fade_animation_offset=&#8221;45px&#8221; width=&#8221;1\/1&#8243;][\/vc_column][\/vc_row][vc_row padding_top=&#8221;0px&#8221; padding_bottom=&#8221;0px&#8221;][vc_column fade_animation_offset=&#8221;45px&#8221; width=&#8221;1\/1&#8243;]<hr  class=\"x-gap\" style=\"margin: 20px 0 0 0;\">[vc_column_text css=&#8221;&#8221;]L&#8217;Avvento Romantico in Chiesa a Maria W\u00f6rth si svolge dal 21 novembre al 20 dicembre 2026, ogni sabato e domenica, e luned\u00ec 7 dicembre, e il giorno dell&#8217;Immacolata Concezione, l&#8217;8 dicembre 2026. (sabato 12-19, domenica 12-18, 7.12.: 15-19 e 8.12.: 12-19 orario d&#8217;apertura)<\/p>\n<p>Il momento clou di quest&#8217;anno: l&#8217;inaugurazione dell&#8217;Avvento Romantico in Chiesa a Maria W\u00f6rth il 21 novembre 2026 alle 16:00 presso il mercatino dell&#8217;Avvento, direttamente presso l&#8217;attracco dei battelli di Maria W\u00f6rth.<\/p>\n<p>Tranquillo, contemplativo e caratterizzato dalle due chiese sulla penisola, conosciuta come il cuore del lago W\u00f6rthersee, l&#8217;Avvento Romantico in Chiesa a Maria W\u00f6rth mira a completare la magia dell&#8217;Avvento sul lago.<\/p>\n<p>Collegata alle citt\u00e0 di Klagenfurt, Velden, P\u00f6rtschach e Keutschach, l&#8217;isola dell&#8217;Avvento splendidamente decorata, che funge da collegamento tra le citt\u00e0, invita i visitatori a curiosare tra le bancarelle dell&#8217;Avvento.<\/p>\n<p>Un servizio navetta collega l&#8217;approdo dei battelli e il mercatino sul Pyramidenkogel, con partenza da Maria W\u00f6rth e anche in direzione Velden.<\/p>\n<p>Mercatino dell&#8217;Avvento<br \/>\nBanchine con idee regalo, decorazioni, dolcetti da asporto, addobbi natalizi e molto altro ancora&#8230; Bracieri e magia natalizia<br \/>\nLa penisola di Maria W\u00f6rth, elegantemente decorata, risplende di luci natalizie. Qui, i visitatori delle bancarelle natalizie si riscaldano accanto ai bracieri e si godono un po&#8217; di pace e tranquillit\u00e0, il profumo dell&#8217;Avvento e il chiarore delle lanterne.<\/p>\n<p>Riscaldati con ospitalit\u00e0<br \/>\nIl nostro chiosco sul lago &#8220;Flaschenpost&#8221; (Messaggio in bottiglia) \u00e8 aperto per voi. Il chiosco \u00e8 decorato a festa per l&#8217;inverno e vi invita a soffermarvi e riscaldarvi con la musica natalizia. Bevande e prelibatezze dell&#8217;Avvento, semplicemente irresistibili: una delizia invernale per l&#8217;Avvento vi aspetta. www.flaschenpost.cc<\/p>\n<p>Panoramica del programma:<\/p>\n<p>Intrattenimento per grandi e piccini:<br \/>\n21 novembre &#8211; 20 dicembre + 7 e 8 dicembre: ore 14:00 e 16:00, escursioni con gli alpaca, brevi visite guidate sulla penisola di Maria W\u00f6rth con Isabella Schuschu e i suoi alpaca \u2013 Mercatino dell&#8217;Avvento all&#8217;imbarcadero; *Ulteriori informazioni: 1 alpaca per escursione 10 \u20ac, Tel: +43(0)660 1718511, Isabella Schuschu, schuschu.isabella@gmail.com<\/p>\n<p>21 novembre &#8211; 13 dicembre: Ogni domenica alle 15:00, un fantastico viaggio da favola con Luna, la principessa del ghiaccio, e Olli, il suo compagno di viaggio. Una passeggiata con storie, canzoni, un albero dei desideri e una campanella dei desideri. Incanteremo i bambini con le loro storie di Natale. Approdo a Maria W\u00f6rth. Punto di ritrovo: braciere.<\/p>\n<p>\ud83c\udf6a\u2728 Caccia al tesoro di Leopold Schmatzefax \u2728\ud83c\udf6a<\/p>\n<p>all&#8217;Avvento nella chiesa romantica di Maria W\u00f6rth.<\/p>\n<p>Ciao, cari bambini!<\/p>\n<p>Sono Leopold Schmatzefax, il piccolo omino di pan di zenzero impertinente: croccante, delizioso e sempre pronto a nuove avventure!<\/p>\n<p>Per l&#8217;Avvento della Chiesa Romantica, ho ideato per voi una caccia al tesoro davvero speciale:<\/p>\n<p>\ud83c\udf1f Prendete la vostra carta Leopold da colorare.<\/p>\n<p>\ud83c\udf1f Visitate le diverse bancarelle del mercato.<a href=\"https:\/\/www.maria-woerth.info\/wp-content\/uploads\/2026\/02\/SB_2917942_8_del-scaled.jpg\"><img loading=\"lazy\" decoding=\"async\" class=\"wp-image-28793 alignleft\" src=\"https:\/\/www.maria-woerth.info\/wp-content\/uploads\/2026\/02\/SB_2917942_8_del-251x300.jpg\" alt=\"Leopold Schmatzefax\" width=\"81\" height=\"96\" srcset=\"https:\/\/www.maria-woerth.info\/wp-content\/uploads\/2026\/02\/SB_2917942_8_del-251x300.jpg 251w, https:\/\/www.maria-woerth.info\/wp-content\/uploads\/2026\/02\/SB_2917942_8_del-857x1024.jpg 857w, https:\/\/www.maria-woerth.info\/wp-content\/uploads\/2026\/02\/SB_2917942_8_del-768x918.jpg 768w, https:\/\/www.maria-woerth.info\/wp-content\/uploads\/2026\/02\/SB_2917942_8_del-1285x1536.jpg 1285w, https:\/\/www.maria-woerth.info\/wp-content\/uploads\/2026\/02\/SB_2917942_8_del-1713x2048.jpg 1713w, https:\/\/www.maria-woerth.info\/wp-content\/uploads\/2026\/02\/SB_2917942_8_del-100x120.jpg 100w, https:\/\/www.maria-woerth.info\/wp-content\/uploads\/2026\/02\/SB_2917942_8_del-862x1030.jpg 862w, https:\/\/www.maria-woerth.info\/wp-content\/uploads\/2026\/02\/SB_2917942_8_del-1200x1435.jpg 1200w\" sizes=\"auto, (max-width: 81px) 100vw, 81px\" \/><\/a><\/p>\n<p>\ud83c\udf1f Ad ogni bancarella vi aspetta una domanda emozionante.<\/p>\n<p>\ud83c\udf1f Trovate la risposta corretta e scrivetela sulla vostra carta.<\/p>\n<p>Una volta che avete risposto a tutte le domande, portate la carta completata al box di raccolta presso lo stand del club. E indovinate un po&#8217;?<\/p>\n<p>Una dolce sorpresa da parte mia vi aspetta come ricompensa! \ud83c\udf6a\u2728<\/p>\n<p>Non vedo l&#8217;ora di incontrare tanti piccoli detective! Leopold Schmatzefax<\/p>\n<p>Cordiali saluti,<\/p>\n<p>Leopold Schmatzefax<\/p>\n<p>(fino a esaurimento scorte)<\/p>\n<p>Programma culturale: Chiesa d&#8217;Inverno<br \/>\n21 novembre &#8211; 20 dicembre + 7 e 8 dicembre: ogni sabato e domenica, dalle 15:00 alle 15:30, visite guidate alla Chiesa d&#8217;Inverno con Astrid Legner \u2013 Chiesa d&#8217;Inverno<br \/>\n21 novembre &#8211; 20 dicembre + 7 e 8 dicembre: ogni sabato e domenica, dalle 15:30 alle 16:00, devozione musicale dell&#8217;Avvento con Margot Loibnegger<\/p>\n<p>Finale dell&#8217;Avvento: Concerto &#8220;Prepararsi alla Vigilia di Natale&#8221; dei musicisti carinziani di Maria W\u00f6rth il 23 dicembre 2026 alle 19:00 presso la Chiesa di pellegrinaggio di Maria W\u00f6rth \u2013 donazione volontaria<\/p>\n<p>Specialit\u00e0 del mercato: Magia del braciere \u2013 Avvento della penisola \u2013 Isola con due chiese \u2013 Avvento della chiesa<br \/>\nFeedback geben[\/vc_column_text]<hr  class=\"x-hr\" >[vc_gallery type=&#8221;image_grid&#8221; images=&#8221;27415,28793,28801&#8243; css=&#8221;&#8221; title=&#8221;Advent Maria W\u00f6rth&#8221;][\/vc_column][\/vc_row][vc_row padding_top=&#8221;0px&#8221; padding_bottom=&#8221;0px&#8221;][vc_column fade_animation_offset=&#8221;45px&#8221; width=&#8221;1\/1&#8243;]<hr  class=\"x-gap\" style=\"margin: 20px 0 0 0;\">[vc_column_text css=&#8221;&#8221;]\n<p style=\"text-align: center;\"><span style=\"color: #ff6600;\"><strong>Annuncio di concerto &#8211; MAGIA INVERNALE &amp; SUONI DEL CUORE &#8211; \u201cAstro del Cielo &#8211; il canto eterno\u201d con Nicki e Tina<\/strong><\/span><\/p>\n<p>&nbsp;<\/p>\n<p>Concerto il 05\/12\/2026 nella chiesa parrocchiale di Maria W\u00f6rth ore 16:00 Chiesa di pellegrinaggio di Maria W\u00f6rth<\/p>\n<p>Quando l&#8217;inverno bussa silenziosamente alla porta e le luci regalano speranza, inizia un viaggio nel profondo del cuore. Con un concerto che \u00e8 molto pi\u00f9 che semplice musica.<\/p>\n<p>\u201cStille Nacht \u2013 das ewige Lied\u201d fa risplendere di nuova e commovente luce il canto natalizio probabilmente pi\u00f9 famoso al mondo: Stille Nacht, heilige Nacht.<\/p>\n<p>Le voci straordinariamente belle e calde di Nicki e Tina si fondono in un suono che arriva dritto al cuore. Ogni nota racconta di speranza, pace e della magica quiete di questo periodo speciale.<\/p>\n<p>Preparatevi a una serata ricca di momenti da brividi, calore interiore e profondit\u00e0 natalizia. Un concerto che non solo risuona, ma che risuoner\u00e0 a lungo nel vostro cuore.<\/p>\n<p>Ingresso: prevendita adulti \u20ac 27,- \/\/ cassa \u20ac 32,-<br \/>\nPrevendita studenti dai 6 ai 14 anni \u20ac 14,- \/\/ Biglietteria \u20ac 19,-<\/p>\n<p><a href=\"https:\/\/www.maria-woerth.info\/wp-content\/uploads\/2026\/04\/niki-und-tina.jpg\"><img loading=\"lazy\" decoding=\"async\" class=\"aligncenter size-medium wp-image-29159\" src=\"https:\/\/www.maria-woerth.info\/wp-content\/uploads\/2026\/04\/niki-und-tina-300x169.jpg\" alt=\"\" width=\"300\" height=\"169\" srcset=\"https:\/\/www.maria-woerth.info\/wp-content\/uploads\/2026\/04\/niki-und-tina-300x169.jpg 300w, https:\/\/www.maria-woerth.info\/wp-content\/uploads\/2026\/04\/niki-und-tina-768x433.jpg 768w, https:\/\/www.maria-woerth.info\/wp-content\/uploads\/2026\/04\/niki-und-tina-100x56.jpg 100w, https:\/\/www.maria-woerth.info\/wp-content\/uploads\/2026\/04\/niki-und-tina-862x482.jpg 862w, https:\/\/www.maria-woerth.info\/wp-content\/uploads\/2026\/04\/niki-und-tina.jpg 900w\" sizes=\"auto, (max-width: 300px) 100vw, 300px\" \/><\/a><br \/>\nBiglietti disponibili presso l&#8217;Ufficio Informazioni Turistiche di Maria W\u00f6rth, Seepromenade 5, 9082 Maria W\u00f6rth &#8211; Tel: 04273 2240311 o <a href=\"mailto:mariawoerthinfo@ktn.gde.at\">mariawoerthinfo@ktn.gde.at<\/a><\/p>\n[\/vc_column_text]<hr  class=\"x-hr\" >[vc_gallery type=&#8221;image_grid&#8221; images=&#8221;27415,28793,28801&#8243; css=&#8221;&#8221; title=&#8221;Advent Maria W\u00f6rth&#8221;][\/vc_column][\/vc_row][vc_row padding_top=&#8221;0px&#8221; padding_bottom=&#8221;0px&#8221;][vc_column fade_animation_offset=&#8221;45px&#8221; width=&#8221;1\/1&#8243;]<hr  class=\"x-gap\" style=\"margin: 20px 0 0 0;\"><hr  class=\"x-hr\" >[\/vc_column][\/vc_row][vc_row padding_top=&#8221;0px&#8221; padding_bottom=&#8221;0px&#8221;][vc_column fade_animation_offset=&#8221;45px&#8221; width=&#8221;1\/3&#8243;]<img decoding=\"async\"  class=\"x-img tour-kreis x-img-circle\"  src=\"https:\/\/www.maria-woerth.info\/wp-content\/uploads\/2023\/10\/2022Advent_LUFT_07_Copy_Toni-Spanlang-scaled.jpg\" alt=\"Advent in Maria W\u00f6rth\">[\/vc_column][vc_column fade_animation_offset=&#8221;45px&#8221; width=&#8221;1\/3&#8243;]<img decoding=\"async\"  class=\"x-img tour-kreis x-img-circle\"  src=\"https:\/\/www.maria-woerth.info\/wp-content\/uploads\/2017\/10\/advent2.jpg\" alt=\"Advent in Maria W\u00f6rth\">[\/vc_column][vc_column fade_animation_offset=&#8221;45px&#8221; width=&#8221;1\/3&#8243;]<img decoding=\"async\"  class=\"x-img tour-kreis x-img-circle\"  src=\"https:\/\/www.maria-woerth.info\/wp-content\/uploads\/2017\/10\/dvent3.jpg\" alt=\"Advent in Maria W\u00f6rth\">[\/vc_column][\/vc_row][vc_row padding_top=&#8221;0px&#8221; padding_bottom=&#8221;0px&#8221;][vc_column fade_animation_offset=&#8221;45px&#8221; width=&#8221;1\/1&#8243;]<hr  class=\"x-gap\" style=\"margin: 20px 0 0 0;\">[vc_row_inner padding_top=&#8221;0px&#8221; padding_bottom=&#8221;0px&#8221;][vc_column_inner fade_animation_offset=&#8221;45px&#8221; width=&#8221;1\/2&#8243;][\/vc_column_inner][vc_column_inner fade_animation_offset=&#8221;45px&#8221; width=&#8221;1\/2&#8243;][\/vc_column_inner][\/vc_row_inner][\/vc_column][\/vc_row][vc_row padding_top=&#8221;0px&#8221; padding_bottom=&#8221;0px&#8221;][vc_column fade_animation_offset=&#8221;45px&#8221; width=&#8221;1\/1&#8243;][\/vc_column][\/vc_row]\n<\/div>","protected":false},"excerpt":{"rendered":"<p>[vc_row padding_top=&#8221;0px&#8221; padding_bottom=&#8221;0px&#8221;][vc_column fade_animation_offset=&#8221;45px&#8221;][\/vc_column][\/vc_row][vc_row padding_top=&#8221;0px&#8221; padding_bottom=&#8221;0px&#8221; bg_video=&#8221;&#8221; class=&#8221;&#8221; style=&#8221;z-index:9999&#8243;][vc_column fade_animation_offset=&#8221;45px&#8221; width=&#8221;1\/1&#8243;][\/vc_column][\/vc_row][vc_row padding_top=&#8221;0px&#8221; padding_bottom=&#8221;0px&#8221;][vc_column fade_animation_offset=&#8221;45px&#8221; width=&#8221;1\/1&#8243;][vc_column_text css=&#8221;&#8221;]L&#8217;Avvento Romantico in Chiesa a Maria W\u00f6rth si svolge dal 21 novembre al 20 dicembre 2026, ogni sabato e domenica, e luned\u00ec 7 dicembre, e il giorno dell&#8217;Immacolata Concezione, l&#8217;8 dicembre 2026. (sabato 12-19, domenica 12-18, 7.12.: 15-19 e 8.12.: 12-19 orario d&#8217;apertura) Il momento &#8230; <\/p>\n<div><a href=\"https:\/\/www.maria-woerth.info\/it\/avvento\/\" class=\"more-link\">Read More<\/a><\/div>\n","protected":false},"author":1,"featured_media":0,"parent":0,"menu_order":0,"comment_status":"closed","ping_status":"closed","template":"","meta":{"footnotes":""},"class_list":["post-5001","page","type-page","status-publish","hentry","no-post-thumbnail"],"yoast_head":"<!-- This site is optimized with the Yoast SEO plugin v27.4 - https:\/\/yoast.com\/product\/yoast-seo-wordpress\/ -->\n<title>Avvento a Maria W\u00f6rth - Gemeinde Maria W\u00f6rth<\/title>\n<meta name=\"robots\" content=\"index, follow, max-snippet:-1, max-image-preview:large, max-video-preview:-1\" \/>\n<link rel=\"canonical\" href=\"https:\/\/www.maria-woerth.info\/it\/avvento\/\" \/>\n<meta property=\"og:locale\" content=\"it_IT\" \/>\n<meta property=\"og:type\" content=\"article\" \/>\n<meta property=\"og:title\" content=\"Avvento a Maria W\u00f6rth - Gemeinde Maria W\u00f6rth\" \/>\n<meta property=\"og:description\" content=\"[vc_row padding_top=&#8221;0px&#8221; padding_bottom=&#8221;0px&#8221;][vc_column fade_animation_offset=&#8221;45px&#8221;][\/vc_column][\/vc_row][vc_row padding_top=&#8221;0px&#8221; padding_bottom=&#8221;0px&#8221; bg_video=&#8221;&#8221; class=&#8221;&#8221; style=&#8221;z-index:9999&#8243;][vc_column fade_animation_offset=&#8221;45px&#8221; width=&#8221;1\/1&#8243;][\/vc_column][\/vc_row][vc_row padding_top=&#8221;0px&#8221; padding_bottom=&#8221;0px&#8221;][vc_column fade_animation_offset=&#8221;45px&#8221; width=&#8221;1\/1&#8243;][vc_column_text css=&#8221;&#8221;]L&#8217;Avvento Romantico in Chiesa a Maria W\u00f6rth si svolge dal 21 novembre al 20 dicembre 2026, ogni sabato e domenica, e luned\u00ec 7 dicembre, e il giorno dell&#8217;Immacolata Concezione, l&#8217;8 dicembre 2026. (sabato 12-19, domenica 12-18, 7.12.: 15-19 e 8.12.: 12-19 orario d&#8217;apertura) Il momento ... Read More\" \/>\n<meta property=\"og:url\" content=\"https:\/\/www.maria-woerth.info\/it\/avvento\/\" \/>\n<meta property=\"og:site_name\" content=\"Gemeinde Maria W\u00f6rth\" \/>\n<meta property=\"article:publisher\" content=\"https:\/\/www.facebook.com\/MariaWoerth\/?fref=ts\" \/>\n<meta property=\"article:modified_time\" content=\"2026-04-28T10:31:04+00:00\" \/>\n<meta property=\"og:image\" content=\"https:\/\/www.maria-woerth.info\/wp-content\/uploads\/2016\/09\/MariaW\u00f6rthWinter-009-1.jpg\" \/>\n<meta name=\"twitter:card\" content=\"summary_large_image\" \/>\n<meta name=\"twitter:label1\" content=\"Tempo di lettura stimato\" \/>\n\t<meta name=\"twitter:data1\" content=\"6 minuti\" \/>\n<script type=\"application\/ld+json\" class=\"yoast-schema-graph\">{\"@context\":\"https:\\\/\\\/schema.org\",\"@graph\":[{\"@type\":\"WebPage\",\"@id\":\"https:\\\/\\\/www.maria-woerth.info\\\/it\\\/avvento\\\/\",\"url\":\"https:\\\/\\\/www.maria-woerth.info\\\/it\\\/avvento\\\/\",\"name\":\"Avvento a Maria W\u00f6rth - Gemeinde Maria W\u00f6rth\",\"isPartOf\":{\"@id\":\"https:\\\/\\\/www.maria-woerth.info\\\/#website\"},\"primaryImageOfPage\":{\"@id\":\"https:\\\/\\\/www.maria-woerth.info\\\/it\\\/avvento\\\/#primaryimage\"},\"image\":{\"@id\":\"https:\\\/\\\/www.maria-woerth.info\\\/it\\\/avvento\\\/#primaryimage\"},\"thumbnailUrl\":\"https:\\\/\\\/www.maria-woerth.info\\\/wp-content\\\/uploads\\\/2026\\\/02\\\/SB_2917942_8_del-251x300.jpg\",\"datePublished\":\"2017-10-10T08:36:45+00:00\",\"dateModified\":\"2026-04-28T10:31:04+00:00\",\"breadcrumb\":{\"@id\":\"https:\\\/\\\/www.maria-woerth.info\\\/it\\\/avvento\\\/#breadcrumb\"},\"inLanguage\":\"it-IT\",\"potentialAction\":[{\"@type\":\"ReadAction\",\"target\":[\"https:\\\/\\\/www.maria-woerth.info\\\/it\\\/avvento\\\/\"]}]},{\"@type\":\"ImageObject\",\"inLanguage\":\"it-IT\",\"@id\":\"https:\\\/\\\/www.maria-woerth.info\\\/it\\\/avvento\\\/#primaryimage\",\"url\":\"https:\\\/\\\/www.maria-woerth.info\\\/wp-content\\\/uploads\\\/2026\\\/02\\\/SB_2917942_8_del-251x300.jpg\",\"contentUrl\":\"https:\\\/\\\/www.maria-woerth.info\\\/wp-content\\\/uploads\\\/2026\\\/02\\\/SB_2917942_8_del-251x300.jpg\"},{\"@type\":\"BreadcrumbList\",\"@id\":\"https:\\\/\\\/www.maria-woerth.info\\\/it\\\/avvento\\\/#breadcrumb\",\"itemListElement\":[{\"@type\":\"ListItem\",\"position\":1,\"name\":\"Startseite\",\"item\":\"https:\\\/\\\/www.maria-woerth.info\\\/it\\\/\"},{\"@type\":\"ListItem\",\"position\":2,\"name\":\"Avvento a Maria W\u00f6rth\"}]},{\"@type\":\"WebSite\",\"@id\":\"https:\\\/\\\/www.maria-woerth.info\\\/#website\",\"url\":\"https:\\\/\\\/www.maria-woerth.info\\\/\",\"name\":\"Gemeinde Maria W\u00f6rth\",\"description\":\"...dort wo das Herz zu Hause ist!\",\"potentialAction\":[{\"@type\":\"SearchAction\",\"target\":{\"@type\":\"EntryPoint\",\"urlTemplate\":\"https:\\\/\\\/www.maria-woerth.info\\\/?s={search_term_string}\"},\"query-input\":{\"@type\":\"PropertyValueSpecification\",\"valueRequired\":true,\"valueName\":\"search_term_string\"}}],\"inLanguage\":\"it-IT\"}]}<\/script>\n<!-- \/ Yoast SEO plugin. -->","yoast_head_json":{"title":"Avvento a Maria W\u00f6rth - Gemeinde Maria W\u00f6rth","robots":{"index":"index","follow":"follow","max-snippet":"max-snippet:-1","max-image-preview":"max-image-preview:large","max-video-preview":"max-video-preview:-1"},"canonical":"https:\/\/www.maria-woerth.info\/it\/avvento\/","og_locale":"it_IT","og_type":"article","og_title":"Avvento a Maria W\u00f6rth - Gemeinde Maria W\u00f6rth","og_description":"[vc_row padding_top=&#8221;0px&#8221; padding_bottom=&#8221;0px&#8221;][vc_column fade_animation_offset=&#8221;45px&#8221;][\/vc_column][\/vc_row][vc_row padding_top=&#8221;0px&#8221; padding_bottom=&#8221;0px&#8221; bg_video=&#8221;&#8221; class=&#8221;&#8221; style=&#8221;z-index:9999&#8243;][vc_column fade_animation_offset=&#8221;45px&#8221; width=&#8221;1\/1&#8243;][\/vc_column][\/vc_row][vc_row padding_top=&#8221;0px&#8221; padding_bottom=&#8221;0px&#8221;][vc_column fade_animation_offset=&#8221;45px&#8221; width=&#8221;1\/1&#8243;][vc_column_text css=&#8221;&#8221;]L&#8217;Avvento Romantico in Chiesa a Maria W\u00f6rth si svolge dal 21 novembre al 20 dicembre 2026, ogni sabato e domenica, e luned\u00ec 7 dicembre, e il giorno dell&#8217;Immacolata Concezione, l&#8217;8 dicembre 2026. (sabato 12-19, domenica 12-18, 7.12.: 15-19 e 8.12.: 12-19 orario d&#8217;apertura) Il momento ... Read More","og_url":"https:\/\/www.maria-woerth.info\/it\/avvento\/","og_site_name":"Gemeinde Maria W\u00f6rth","article_publisher":"https:\/\/www.facebook.com\/MariaWoerth\/?fref=ts","article_modified_time":"2026-04-28T10:31:04+00:00","og_image":[{"url":"https:\/\/www.maria-woerth.info\/wp-content\/uploads\/2016\/09\/MariaW\u00f6rthWinter-009-1.jpg","type":"","width":"","height":""}],"twitter_card":"summary_large_image","twitter_misc":{"Tempo di lettura stimato":"6 minuti"},"schema":{"@context":"https:\/\/schema.org","@graph":[{"@type":"WebPage","@id":"https:\/\/www.maria-woerth.info\/it\/avvento\/","url":"https:\/\/www.maria-woerth.info\/it\/avvento\/","name":"Avvento a Maria W\u00f6rth - Gemeinde Maria W\u00f6rth","isPartOf":{"@id":"https:\/\/www.maria-woerth.info\/#website"},"primaryImageOfPage":{"@id":"https:\/\/www.maria-woerth.info\/it\/avvento\/#primaryimage"},"image":{"@id":"https:\/\/www.maria-woerth.info\/it\/avvento\/#primaryimage"},"thumbnailUrl":"https:\/\/www.maria-woerth.info\/wp-content\/uploads\/2026\/02\/SB_2917942_8_del-251x300.jpg","datePublished":"2017-10-10T08:36:45+00:00","dateModified":"2026-04-28T10:31:04+00:00","breadcrumb":{"@id":"https:\/\/www.maria-woerth.info\/it\/avvento\/#breadcrumb"},"inLanguage":"it-IT","potentialAction":[{"@type":"ReadAction","target":["https:\/\/www.maria-woerth.info\/it\/avvento\/"]}]},{"@type":"ImageObject","inLanguage":"it-IT","@id":"https:\/\/www.maria-woerth.info\/it\/avvento\/#primaryimage","url":"https:\/\/www.maria-woerth.info\/wp-content\/uploads\/2026\/02\/SB_2917942_8_del-251x300.jpg","contentUrl":"https:\/\/www.maria-woerth.info\/wp-content\/uploads\/2026\/02\/SB_2917942_8_del-251x300.jpg"},{"@type":"BreadcrumbList","@id":"https:\/\/www.maria-woerth.info\/it\/avvento\/#breadcrumb","itemListElement":[{"@type":"ListItem","position":1,"name":"Startseite","item":"https:\/\/www.maria-woerth.info\/it\/"},{"@type":"ListItem","position":2,"name":"Avvento a Maria W\u00f6rth"}]},{"@type":"WebSite","@id":"https:\/\/www.maria-woerth.info\/#website","url":"https:\/\/www.maria-woerth.info\/","name":"Gemeinde Maria W\u00f6rth","description":"...dort wo das Herz zu Hause ist!","potentialAction":[{"@type":"SearchAction","target":{"@type":"EntryPoint","urlTemplate":"https:\/\/www.maria-woerth.info\/?s={search_term_string}"},"query-input":{"@type":"PropertyValueSpecification","valueRequired":true,"valueName":"search_term_string"}}],"inLanguage":"it-IT"}]}},"meta_box":{"one_bereich":"tourismus"},"_links":{"self":[{"href":"https:\/\/www.maria-woerth.info\/it\/wp-json\/wp\/v2\/pages\/5001","targetHints":{"allow":["GET"]}}],"collection":[{"href":"https:\/\/www.maria-woerth.info\/it\/wp-json\/wp\/v2\/pages"}],"about":[{"href":"https:\/\/www.maria-woerth.info\/it\/wp-json\/wp\/v2\/types\/page"}],"author":[{"embeddable":true,"href":"https:\/\/www.maria-woerth.info\/it\/wp-json\/wp\/v2\/users\/1"}],"replies":[{"embeddable":true,"href":"https:\/\/www.maria-woerth.info\/it\/wp-json\/wp\/v2\/comments?post=5001"}],"version-history":[{"count":12,"href":"https:\/\/www.maria-woerth.info\/it\/wp-json\/wp\/v2\/pages\/5001\/revisions"}],"predecessor-version":[{"id":29164,"href":"https:\/\/www.maria-woerth.info\/it\/wp-json\/wp\/v2\/pages\/5001\/revisions\/29164"}],"wp:attachment":[{"href":"https:\/\/www.maria-woerth.info\/it\/wp-json\/wp\/v2\/media?parent=5001"}],"curies":[{"name":"wp","href":"https:\/\/api.w.org\/{rel}","templated":true}]}}